{"id":164,"date":"2026-02-14T23:49:59","date_gmt":"2026-02-14T22:49:59","guid":{"rendered":"https:\/\/linitiative.ca\/arabe\/?page_id=164"},"modified":"2026-02-14T23:49:59","modified_gmt":"2026-02-14T22:49:59","slug":"contact","status":"publish","type":"page","link":"https:\/\/linitiative.ca\/arabe\/contact\/","title":{"rendered":"Contact"},"content":{"rendered":"<h2>Pour publier un communiqu\u00e9 de presse<\/h2>\n<ul>\n<li>Pour diffuser des\u00a0<strong>communiqu\u00e9s de presse<\/strong>\u00a0utiliser l\u2019adresse :\u00a0<strong><a href=\"mailto:communiques@linitiative.ca\">communiques@linitiative.ca<\/a><\/strong><\/li>\n<\/ul>\n<h2>Pour contacter la r\u00e9daction \/ publier un article<\/h2>\n<ul>\n<li>Pour\u00a0<strong>contacter la r\u00e9daction<\/strong>\u00a0utiliser l\u2019adresse :\u00a0<a href=\"mailto:redaction@linitiative.ca\"><strong>redaction@linitiative.ca<\/strong><\/a><\/li>\n<\/ul>\n<p>En tant que m\u00e9dia participatif\u00a0<strong>\u00ab L\u2019initiative \u00bb vous encourage \u00e0 soumettre vos textes en tout temps<\/strong>. L\u2019exclusivit\u00e9 des contributions est exig\u00e9e.<\/p>\n<p>Prenez particuli\u00e8rement soin de l\u2019orthographe, de la grammaire, du titre de l\u2019article, de la syntaxe et du style, ainsi que du choix des images que vous nous proposerez. Aussi, il est obligatoire de fournir vos noms, pr\u00e9noms, (profession et liens de r\u00e9seaux sociaux) \u00e0 la fin de chaque article soumis..<\/p>\n<p>Des id\u00e9es d\u2019articles:\u00a0Les articles peuvent porter sur :<br \/>\n<strong>Culture :<\/strong>\u00a0Th\u00e9\u00e2tre, musique, arts visuels, jeux vid\u00e9os, festivals, spectacles, galas, litt\u00e9rature, etc.<br \/>\n<strong>Cin\u00e9ma et t\u00e9l\u00e9:<\/strong>\u00a0Les fans de cin\u00e9ma et de s\u00e9ries sont invit\u00e9s \u00e0 envoyer des articles originaux et des critiques.<br \/>\n<strong>\u00c9conomie :<\/strong>\u00a0Emploi, entrepreneuriat, finances, immobilier, assurances, etc.<br \/>\n<strong>A la une :<\/strong>\u00a0Actualit\u00e9 nationale et internationale<br \/>\n<strong>Vivre :<\/strong>\u00a0Sant\u00e9, tourisme, sport, technologie, environnement, etc.<br \/>\n<strong>Soci\u00e9t\u00e9 :<\/strong>\u00a0M\u00e9dia, communication, organismes, etc.<\/p><div id=\"linit-1603300044\" class=\"linit-dans-le-contenu linit-entity-placement\"><script async src=\"\/\/pagead2.googlesyndication.com\/pagead\/js\/adsbygoogle.js?client=ca-pub-8992136571741975\" crossorigin=\"anonymous\"><\/script><ins class=\"adsbygoogle\" style=\"display:inline-block;width:728px;height:90px;\" \ndata-ad-client=\"ca-pub-8992136571741975\" \ndata-ad-slot=\"1055921646\"><\/ins> \n<script> \n(adsbygoogle = window.adsbygoogle || []).push({}); \n<\/script>\n<\/div>\n<p><strong>A savoir :<\/strong><br \/>\n<b><\/b>Envoyez vos articles \u00e0 l\u2019adresse courriel :\u00a0<strong><a href=\"mailto:redaction@linitiative.ca\">redaction@linitiative.ca<\/a>\u00a0<\/strong><\/p>\n<p><strong>Le journal<\/strong><br \/>\nNotre mission consiste \u00e0 fournir au grand public, des critiques, des reportages, des comptes-rendus sur les activit\u00e9s, et ce, de mani\u00e8re objective, ind\u00e9pendante et professionnelle gr\u00e2ce aux articles publi\u00e9s sur notre site.<br \/>\n\u00ab\u00a0L\u2019initiative\u00a0\u00bb est un journal qui offre \u00e0 des journalistes, \u00e0 des personnes issues du milieu culturel, \u00e9conomique, social et politiques et d\u00e9sireuses de faire carri\u00e8re en journalisme, une fen\u00eatre pour exprimer leur talent. Il s\u2019agit d\u2019un m\u00e9dia Internet et papier, vu sur tous les continents, par tous les francophones et dont le si\u00e8ge social est \u00e9tabli \u00e0 Montr\u00e9al. \u00ab\u00a0L\u2019initiative\u00a0\u00bb est un v\u00e9ritable m\u00e9dia qui offre \u00e0 ses membres journalistes et r\u00e9dacteurs la possibilit\u00e9 d\u2019explorer les diff\u00e9rentes facettes du m\u00e9tier et de se positionner de fa\u00e7on avantageuse lorsqu\u2019une v\u00e9ritable opportunit\u00e9 s\u2019offre \u00e0 eux.<br \/>\n\u00ab\u00a0L\u2019initiative\u00a0\u00bb est aussi devenu une r\u00e9f\u00e9rence incontournable et indispensable en mati\u00e8re d\u2019\u00e9v\u00e9nements culturels au Qu\u00e9bec! La qualit\u00e9, la diversit\u00e9 et l\u2019originalit\u00e9 de nos journalistes et de nos chroniqueurs sont exceptionnelles gr\u00e2ce \u00e0 leur recherche, leur capacit\u00e9 de la vulgarisation, l\u2019originalit\u00e9 des photos et l\u2019information compl\u00e8te reli\u00e9e aux articles, en plus d\u2019une d\u00e9marche critique propre \u00e0 chacun des auteurs.<\/p>\n<p>Merci de votre collaboration.<\/p>\n<div id=\"linit-2739725833\" class=\"linit-apres linit-entity-placement\"><script async src=\"\/\/pagead2.googlesyndication.com\/pagead\/js\/adsbygoogle.js?client=ca-pub-8992136571741975\" crossorigin=\"anonymous\"><\/script><ins class=\"adsbygoogle\" style=\"display:inline-block;width:728px;height:90px;\" \ndata-ad-client=\"ca-pub-8992136571741975\" \ndata-ad-slot=\"1055921646\"><\/ins> \n<script> \n(adsbygoogle = window.adsbygoogle || []).push({}); \n<\/script>\n<\/div>","protected":false},"excerpt":{"rendered":"<p>Pour publier un communiqu\u00e9 de presse Pour diffuser des\u00a0communiqu\u00e9s de presse\u00a0utiliser l\u2019adresse :\u00a0communiques@linitiative.ca Pour contacter la r\u00e9daction \/ publier un article Pour\u00a0contacter la r\u00e9daction\u00a0utiliser l\u2019adresse :\u00a0redaction@linitiative.ca En tant que m\u00e9dia participatif\u00a0\u00ab L\u2019initiative \u00bb vous encourage \u00e0 soumettre vos textes en tout temps. L\u2019exclusivit\u00e9 des contributions est exig\u00e9e. Prenez particuli\u00e8rement soin de l\u2019orthographe, de la grammaire, [&hellip;]<\/p>\n","protected":false},"author":1,"featured_media":0,"parent":0,"menu_order":0,"comment_status":"closed","ping_status":"closed","template":"","meta":{"footnotes":""},"class_list":["post-164","page","type-page","status-publish","hentry"],"_links":{"self":[{"href":"https:\/\/linitiative.ca\/arabe\/wp-json\/wp\/v2\/pages\/164","targetHints":{"allow":["GET"]}}],"collection":[{"href":"https:\/\/linitiative.ca\/arabe\/wp-json\/wp\/v2\/pages"}],"about":[{"href":"https:\/\/linitiative.ca\/arabe\/wp-json\/wp\/v2\/types\/page"}],"author":[{"embeddable":true,"href":"https:\/\/linitiative.ca\/arabe\/wp-json\/wp\/v2\/users\/1"}],"replies":[{"embeddable":true,"href":"https:\/\/linitiative.ca\/arabe\/wp-json\/wp\/v2\/comments?post=164"}],"version-history":[{"count":1,"href":"https:\/\/linitiative.ca\/arabe\/wp-json\/wp\/v2\/pages\/164\/revisions"}],"predecessor-version":[{"id":165,"href":"https:\/\/linitiative.ca\/arabe\/wp-json\/wp\/v2\/pages\/164\/revisions\/165"}],"wp:attachment":[{"href":"https:\/\/linitiative.ca\/arabe\/wp-json\/wp\/v2\/media?parent=164"}],"curies":[{"name":"wp","href":"https:\/\/api.w.org\/{rel}","templated":true}]}}