{"id":54,"date":"2026-02-12T22:19:43","date_gmt":"2026-02-12T21:19:43","guid":{"rendered":"https:\/\/linitiative.ca\/english\/?page_id=54"},"modified":"2026-02-15T18:45:38","modified_gmt":"2026-02-15T17:45:38","slug":"publicite","status":"publish","type":"page","link":"https:\/\/linitiative.ca\/english\/publicite\/","title":{"rendered":"Publicit\u00e9"},"content":{"rendered":"<h2>Pour publier un communiqu\u00e9 de presse<\/h2>\r\n<ul>\r\n<li>Pour diffuser des\u00a0<strong>communiqu\u00e9s de presse<\/strong>\u00a0utiliser l\u2019adresse :\u00a0<strong><a href=\"mailto:communiques@linitiative.ca\">communiques@linitiative.ca<\/a><\/strong><\/li>\r\n<\/ul>\r\n<h2>Pour contacter la r\u00e9daction \/ publier un article<\/h2>\r\n<ul>\r\n<li>Pour\u00a0<strong>contacter la r\u00e9daction<\/strong>\u00a0utiliser l\u2019adresse :\u00a0<a href=\"mailto:redaction@linitiative.ca\"><strong>redaction@linitiative.ca<\/strong><\/a><\/li>\r\n<\/ul>\r\n<h2><strong>Nous joindre<\/strong><\/h2>\r\n<ul>\r\n<li style=\"list-style-type: none;\">\r\n<ul>\r\n<li>Pour annoncer de <strong>la publicit\u00e9<\/strong>, utiliser l&rsquo;adresse : <span style=\"color: #ff0000;\"><strong><a style=\"color: #ff0000;\" href=\"mailto:pub@linitiative.ca\">pub@linitiative.ca<\/a><\/strong><\/span>\u00a0ou nous contacter par t\u00e9l\u00e9phone au : <span style=\"color: #ff0000;\"><strong>514-360-6267<\/strong><\/span><\/li>\r\n<\/ul>\r\n<\/li>\r\n<\/ul>\r\n<h2><strong>Dons<\/strong><\/h2>\r\n<ul>\r\n<li>Chaque dollar aide. L\u2019argent amass\u00e9 servira \u00e0 r\u00e9mun\u00e9rer correctement nos journalistes et chroniqueurs et\u00a0financer le d\u00e9veloppement web. Vos dons et votre soutien sont importants! L\u2019initiative est une entreprise priv\u00e9e qui a un caract\u00e8re communautaire inclusif. Le journal encourage la solidarit\u00e9, l\u2019\u00e9thique, le respect, l\u2019innovation et la reconnaissance. L\u2019initiative \u0153uvre pour le bien-\u00eatre collectif de tous les citoyens Montr\u00e9alais et Qu\u00e9b\u00e9cois en g\u00e9n\u00e9ral. Pour cela, tout soutien est le bienvenu pour am\u00e9liorer notre contenu et continuer efficacement notre mission. Vous pouvez communiquer avec la r\u00e9daction \u00e0 : <a href=\"mailto:redaction@linitiative.ca\">redaction@linitiative.ca<\/a><\/li>\r\n<\/ul>\r\n<p><a href=\"https:\/\/www.paypal.com\/cgi-bin\/webscr?cmd=_donations&amp;business=TYBUQSKKDPFRU&amp;lc=CA&amp;item_name=L%27initiative&amp;item_number=L%27initiative&amp;currency_code=CAD&amp;bn=PP%2dDonationsBF%3abtn_donateCC_LG%2egif%3aNonHosted\"><img loading=\"lazy\" decoding=\"async\" src=\"http:\/\/linitiative.ca\/media\/filetiny\/assets\/logos\/btn_donateCC_LG.gif\" alt=\"\" width=\"196\" height=\"47\" \/><\/a> \u00a0 <strong>Publiez vos annonces <\/strong><\/p>\r\n<ul>\r\n<li>L&rsquo;initiative est un m\u00e9dia d\u2019information francophone de r\u00e9f\u00e9rence dont les contenus se d\u00e9clinent sur le format <span style=\"text-decoration: underline;\">imprim\u00e9<\/span> qui est distribu\u00e9 \u00e0 Montr\u00e9al et <span style=\"text-decoration: underline;\">num\u00e9rique<\/span> avec une port\u00e9e. L&rsquo;initiative se d\u00e9marque par une couverture distinctive, riche et diversifi\u00e9e de l\u2019actualit\u00e9 des reportages, des analyses et de nombreuses sections th\u00e9matiques. Fond\u00e9 en f\u00e9vrier 2014, le journal a \u00e9largit son lectorat \u00e0 travers son r\u00e9seau de distribution.<\/li>\r\n<\/ul>\r\n<h2>L<strong>e site web linitiative.ca :<\/strong><\/h2>\r\n<p><img loading=\"lazy\" decoding=\"async\" class=\"wp-image-31781 aligncenter\" src=\"https:\/\/linitiative.ca\/wp-content\/uploads\/2018\/10\/Banni\u00e8re-haut_resize22.jpg\" alt=\"\" width=\"539\" height=\"388\" \/><\/p>\r\n<ul>\r\n<li>Le site Internet est visit\u00e9 en moyenne par plus de <span style=\"text-decoration: underline;\">100000 visiteurs \u00ab uniques \u00bb par mois<\/span> en provenance \u00e0 80% du Canada francophone par environ 50% hommes et 50% femmes | <strong>Date de tomb\u00e9e<\/strong> : En tout temps.<\/li>\r\n<li>Pourquoi communiquer sur le site linitiative.ca ? Cibler avec pr\u00e9cision (Age, sexe\u2026) | Visibilit\u00e9 H24 et 7j\/7 | Gain de temps et d\u2019argent | Ajustez votre campagne en temps r\u00e9el (reporting&#8230;) |\u00a0Visibilit\u00e9 \u00e0 l\u2019international possible | Fort taux d\u2019audience | Diversification des lecteurs | Possibilit\u00e9 de conception visuel |\u00a0<strong>Besoin d&rsquo;informations ?<\/strong> Contactez l&rsquo;adresse: <a href=\"mailto:pub@linitiative.ca\"><strong>pub@linitiative.ca<\/strong><\/a> ou par t\u00e9l\u00e9phone au : <strong>514-360-6267 <\/strong>ou\u00a0Consulter les prix formats et les prix sur le lien : (<strong><a href=\"https:\/\/linitiative.ca\/boutique\/categorie-produit\/publicite\/\">Format des banni\u00e8res et encarts<\/a><\/strong>)<\/li>\r\n<\/ul>\r\n<h2>L<strong>e journal :<\/strong><\/h2>\r\n<p><img loading=\"lazy\" decoding=\"async\" class=\"wp-image-31778 aligncenter\" src=\"https:\/\/linitiative.ca\/wp-content\/uploads\/2018\/10\/Ini-2017-4x2-bottin_resize.jpg\" alt=\"\" width=\"560\" height=\"264\" \/><\/p>\r\n<ul>\r\n<li><strong>Langue : <\/strong>Fran\u00e7ais | <strong>Date de tomb\u00e9e : <\/strong>le\u00a015 de chaque mois | <strong>Date de publication : <\/strong>le 1er de chaque mois | <strong>March\u00e9 cible<\/strong><strong> : <\/strong>Les Montr\u00e9alais dans leur diversit\u00e9 | <strong>Fr\u00e9quence : <\/strong>Mensuel | <strong>Distribution : <\/strong>Commerces, Pharmacies, Centres d\u2019Achats, Boutiques et \u00e9piceries, Espaces Communautaires, Associations, \u00c9coles et Biblioth\u00e8ques : <strong>Montr\u00e9al<\/strong> (Le Plateau-Mont-Royal, Rosemont\u2013La Petite-Patrie, Villeray\u2013Saint-Michel\u2013Parc-Extension, Saint-Laurent, Saint-L\u00e9onard, C\u00f4te-des-Neiges\u2013Notre-Dame-de-Gr\u00e2ce, Ahuntsic-Cartierville, Mercier\u2013Hochelaga-Maisonneuve, Montr\u00e9al-Nord, Ville-Marie). <strong>Rive Nord. Rive Sud. | <\/strong><strong>Besoin d&rsquo;informations ?<\/strong> Contactez l&rsquo;adresse: <a href=\"mailto:pub@linitiative.ca\"><strong>pub@linitiative.ca<\/strong><\/a> ou par t\u00e9l\u00e9phone au : <strong>514-360-6267 <\/strong>ou\u00a0Consulter les prix formats et les prix sur le lien : (<strong><a href=\"https:\/\/linitiative.ca\/boutique\/categorie-produit\/publicite\/\">Format des banni\u00e8res et encarts<\/a><\/strong>)<\/li>\r\n<\/ul>\r\n<h2><strong>Nos Clients et p<\/strong><strong>artenaires<\/strong><\/h2>\r\n<p><strong><img loading=\"lazy\" decoding=\"async\" src=\"http:\/\/linitiative.ca\/media\/filetiny\/assets\/logos\/ville_de_montreal.jpg\" alt=\"\" width=\"192\" height=\"52\" \/><\/strong><a href=\"http:\/\/ville.montreal.qc.ca\/portal\/page?_pageid=8638,95721573&amp;_dad=portal&amp;_schema=PORTAL\"><strong><img loading=\"lazy\" decoding=\"async\" src=\"http:\/\/linitiative.ca\/media\/filetiny\/assets\/logos\/LogoVilleraySaint-Michel.jpg\" alt=\"\" width=\"110\" height=\"58\" \/><\/strong><\/a> <img loading=\"lazy\" decoding=\"async\" class=\" wp-image-23765\" src=\"https:\/\/linitiative.ca\/wp-content\/uploads\/2017\/02\/logo-cote-des-neiges-NDG-300x141.jpg\" alt=\"\" width=\"106\" height=\"50\" \/> <img loading=\"lazy\" decoding=\"async\" class=\"alignnone wp-image-73020\" src=\"https:\/\/linitiative.ca\/wp-content\/uploads\/2023\/03\/logo-ville-saint-leonard-300x104.png\" alt=\"\" width=\"107\" height=\"37\" \/>\u00a0<img loading=\"lazy\" decoding=\"async\" class=\"alignnone wp-image-23566\" src=\"https:\/\/linitiative.ca\/wp-content\/uploads\/2017\/02\/vive375_logo-300x147.png\" alt=\"\" width=\"102\" height=\"50\" \/> <strong><img loading=\"lazy\" decoding=\"async\" src=\"http:\/\/linitiative.ca\/media\/filetiny\/assets\/logos\/MDDELCC.jpg\" alt=\"\" width=\"107\" height=\"51\" \/> <a href=\"http:\/\/www.immigration-quebec.gouv.qc.ca\/fr\/accueil.html\"><img loading=\"lazy\" decoding=\"async\" class=\"alignnone size-full wp-image-30474\" src=\"https:\/\/linitiative.ca\/wp-content\/uploads\/2018\/07\/Logo-MIDI-01-2-e1532552084253.png\" alt=\"\" width=\"120\" height=\"60\" \/><\/a> <img loading=\"lazy\" decoding=\"async\" class=\"alignnone wp-image-73022\" src=\"https:\/\/linitiative.ca\/wp-content\/uploads\/2023\/03\/logo-Assemblee_nationale_du_Quebec-300x155.png\" alt=\"\" width=\"100\" height=\"52\" \/> <img loading=\"lazy\" decoding=\"async\" class=\"alignnone wp-image-73023\" src=\"https:\/\/linitiative.ca\/wp-content\/uploads\/2023\/03\/logo-votre-gouvernement-quebec-300x60.png\" alt=\"\" width=\"220\" height=\"44\" \/><\/strong> <img loading=\"lazy\" decoding=\"async\" class=\"alignnone wp-image-23764\" src=\"https:\/\/linitiative.ca\/wp-content\/uploads\/2017\/02\/logo-plc-300x129.png\" alt=\"\" width=\"107\" height=\"46\" \/> <img loading=\"lazy\" decoding=\"async\" class=\"alignnone wp-image-23763\" src=\"https:\/\/linitiative.ca\/wp-content\/uploads\/2017\/02\/logo_npd-du-canada.jpg\" alt=\"\" width=\"51\" height=\"51\" \/> <strong><img loading=\"lazy\" decoding=\"async\" src=\"http:\/\/linitiative.ca\/media\/filetiny\/assets\/logos\/Quebec_solidaire_Logo-1000px.jpg\" alt=\"\" width=\"89\" height=\"50\" \/><\/strong> <strong><img loading=\"lazy\" decoding=\"async\" src=\"http:\/\/linitiative.ca\/media\/filetiny\/assets\/logos\/cder_montreal_logo_final_05.jpg\" alt=\"\" width=\"70\" height=\"54\" \/><\/strong> <strong><img loading=\"lazy\" decoding=\"async\" src=\"http:\/\/linitiative.ca\/media\/filetiny\/assets\/logos\/plexagone.jpg\" alt=\"\" width=\"92\" height=\"60\" \/> <\/strong><strong><img loading=\"lazy\" decoding=\"async\" src=\"http:\/\/linitiative.ca\/media\/filetiny\/assets\/logos\/ifri.jpg\" alt=\"\" width=\"96\" height=\"67\" \/> <img loading=\"lazy\" decoding=\"async\" src=\"http:\/\/linitiative.ca\/media\/filetiny\/assets\/logos\/logo138.jpg\" alt=\"\" width=\"170\" height=\"47\" \/> \u00a0 <img loading=\"lazy\" decoding=\"async\" src=\"http:\/\/linitiative.ca\/media\/filetiny\/assets\/logos\/hero_desjardins-1.jpg\" alt=\"\" width=\"132\" height=\"41\" \/>\u00a0 <\/strong>\u00a0\u00a0<strong><img loading=\"lazy\" decoding=\"async\" src=\"http:\/\/linitiative.ca\/media\/filetiny\/assets\/logos\/magnus_poirier.jpg\" alt=\"\" width=\"65\" height=\"65\" \/><\/strong> <strong><img loading=\"lazy\" decoding=\"async\" src=\"http:\/\/linitiative.ca\/media\/filetiny\/assets\/logos\/atelka.jpg\" alt=\"\" width=\"143\" height=\"60\" \/><\/strong> <img loading=\"lazy\" decoding=\"async\" class=\"alignnone wp-image-23761\" src=\"https:\/\/linitiative.ca\/wp-content\/uploads\/2017\/02\/Teleperformance_logo-300x71.jpg\" alt=\"\" width=\"203\" height=\"48\" \/> <strong><img loading=\"lazy\" decoding=\"async\" src=\"http:\/\/linitiative.ca\/media\/filetiny\/assets\/logos\/La-maisonnee.jpg\" alt=\"\" width=\"160\" height=\"54\" \/><\/strong> <img loading=\"lazy\" decoding=\"async\" src=\"http:\/\/linitiative.ca\/media\/filetiny\/assets\/logos\/y%20des%20femmes.png\" alt=\"\" width=\"125\" height=\"47\" \/> <strong><img loading=\"lazy\" decoding=\"async\" src=\"http:\/\/linitiative.ca\/media\/filetiny\/assets\/logos\/l'hirondelle.gif\" alt=\"\" width=\"77\" height=\"38\" \/><\/strong> <strong><img loading=\"lazy\" decoding=\"async\" src=\"http:\/\/linitiative.ca\/media\/filetiny\/assets\/logos\/CLAM1.jpg\" alt=\"\" width=\"55\" height=\"55\" \/><\/strong> <a href=\"http:\/\/www.centrenarive.com\/\"><strong><img loading=\"lazy\" decoding=\"async\" src=\"http:\/\/linitiative.ca\/media\/filetiny\/assets\/logos\/centre%20na%20rive.jpg\" alt=\"\" width=\"95\" height=\"51\" \/><\/strong><\/a><img loading=\"lazy\" decoding=\"async\" class=\"alignnone wp-image-73094 \" src=\"https:\/\/linitiative.ca\/wp-content\/uploads\/2023\/03\/LOGO-SIMO-valide-2-150x150.jpg\" alt=\"\" width=\"50\" height=\"50\" \/> \u00a0\u00a0 \u00a0<img loading=\"lazy\" decoding=\"async\" class=\"alignnone size-full wp-image-30472\" src=\"https:\/\/linitiative.ca\/wp-content\/uploads\/2018\/07\/logo-CJE-Verdun-emploi-min-e1532551656448.png\" alt=\"\" width=\"60\" height=\"38\" \/> \u00a0\u00a0 \u00a0\u00a0<img loading=\"lazy\" decoding=\"async\" class=\"alignnone wp-image-38203\" src=\"https:\/\/linitiative.ca\/wp-content\/uploads\/2019\/09\/centre-generation-emploi-209x300.jpg\" alt=\"\" width=\"41\" height=\"59\" \/> <img loading=\"lazy\" decoding=\"async\" class=\"alignnone wp-image-23557\" src=\"https:\/\/linitiative.ca\/wp-content\/uploads\/2017\/02\/logoCRECDN-300x92.jpg\" alt=\"\" width=\"157\" height=\"48\" \/> <a href=\"http:\/\/www.festivalnuitsdafrique.com\/\"><img loading=\"lazy\" decoding=\"async\" src=\"http:\/\/linitiative.ca\/media\/filetiny\/assets\/logos\/les%20nuits%20d'afrique.png\" alt=\"\" width=\"97\" height=\"52\" \/>\u00a0<\/a> <a href=\"https:\/\/www.festivalnuitsdafrique.com\/\"><img loading=\"lazy\" decoding=\"async\" class=\"alignnone wp-image-73018\" src=\"https:\/\/linitiative.ca\/wp-content\/uploads\/2023\/03\/logo-nuits-dAfrique-300x84.png\" alt=\"\" width=\"154\" height=\"43\" \/><\/a> \u00a0 \u00a0\u00a0<img loading=\"lazy\" decoding=\"async\" class=\"alignnone wp-image-37045 \" src=\"https:\/\/linitiative.ca\/wp-content\/uploads\/2019\/07\/CIBC_logo-150x150.png\" alt=\"\" width=\"54\" height=\"54\" \/> <img loading=\"lazy\" decoding=\"async\" class=\"alignnone wp-image-37049\" src=\"https:\/\/linitiative.ca\/wp-content\/uploads\/2019\/07\/atlas-voyages-300x134.jpg\" alt=\"\" width=\"96\" height=\"43\" \/> <img loading=\"lazy\" decoding=\"async\" class=\"alignnone wp-image-37048\" src=\"https:\/\/linitiative.ca\/wp-content\/uploads\/2019\/07\/noria-condos-300x91.jpg\" alt=\"\" width=\"115\" height=\"35\" \/> \u00a0<a href=\"http:\/\/www.vuesdafrique.com\/\"><img loading=\"lazy\" decoding=\"async\" src=\"http:\/\/linitiative.ca\/media\/filetiny\/assets\/logos\/vues-dafrique.jpg\" alt=\"\" width=\"159\" height=\"44\" \/><\/a> <a href=\"http:\/\/printempsnumerique.info\/\"><img loading=\"lazy\" decoding=\"async\" class=\"alignnone wp-image-23568\" src=\"https:\/\/linitiative.ca\/wp-content\/uploads\/2017\/02\/printemps_numerique-300x90.png\" alt=\"\" width=\"150\" height=\"45\" \/><\/a> \u00a0 \u00a0 <a href=\"https:\/\/ecarrieres.com\/fr\/\"><img loading=\"lazy\" decoding=\"async\" class=\"alignnone wp-image-34790\" src=\"https:\/\/linitiative.ca\/wp-content\/uploads\/2019\/03\/EVC_logo20Ans_coul-300x256.png\" alt=\"\" width=\"67\" height=\"57\" \/><\/a> \u00a0 <img loading=\"lazy\" decoding=\"async\" class=\"alignnone wp-image-40718\" src=\"https:\/\/linitiative.ca\/wp-content\/uploads\/2019\/12\/microcredit-montreal-300x300.jpg\" alt=\"\" width=\"53\" height=\"53\" \/>\u00a0 <img loading=\"lazy\" decoding=\"async\" class=\"alignnone wp-image-40717\" src=\"https:\/\/linitiative.ca\/wp-content\/uploads\/2019\/12\/tohu-229x300.jpg\" alt=\"\" width=\"41\" height=\"54\" \/> \u00a0 <a href=\"https:\/\/ecarrieres.com\/fr\/\"><img loading=\"lazy\" decoding=\"async\" class=\"alignnone wp-image-42216\" src=\"https:\/\/linitiative.ca\/wp-content\/uploads\/2020\/03\/e-carriere-300x300.jpg\" alt=\"\" width=\"71\" height=\"71\" \/><\/a> <img loading=\"lazy\" decoding=\"async\" class=\"alignnone wp-image-23559\" src=\"https:\/\/linitiative.ca\/wp-content\/uploads\/2017\/02\/logo-horizon-carriere.jpg\" alt=\"\" width=\"73\" height=\"25\" \/>\u00a0\u00a0 <img loading=\"lazy\" decoding=\"async\" class=\"alignnone wp-image-38205\" src=\"https:\/\/linitiative.ca\/wp-content\/uploads\/2019\/09\/alpa.jpg\" alt=\"\" width=\"52\" height=\"28\" \/> \u00a0 <img loading=\"lazy\" decoding=\"async\" class=\"alignnone wp-image-23564\" src=\"https:\/\/linitiative.ca\/wp-content\/uploads\/2017\/02\/RAM.png\" alt=\"\" width=\"56\" height=\"39\" \/> <img loading=\"lazy\" decoding=\"async\" class=\"alignnone wp-image-23565\" src=\"https:\/\/linitiative.ca\/wp-content\/uploads\/2017\/02\/air-canada-rouge.png\" alt=\"\" width=\"75\" height=\"39\" \/><\/p>\r\n<p><a href=\"http:\/\/radiocentreville.com\/wp\/\"><img loading=\"lazy\" decoding=\"async\" src=\"http:\/\/linitiative.ca\/media\/filetiny\/assets\/logos\/Radio_Centre-ville.png\" alt=\"\" width=\"108\" height=\"52\" \/><\/a> <a href=\"http:\/\/www.atlasmedias.com\/\"><img loading=\"lazy\" decoding=\"async\" src=\"http:\/\/linitiative.ca\/media\/filetiny\/assets\/logos\/groupe-atlas-media.jpg\" alt=\"\" width=\"121\" height=\"49\" \/><\/a> <img loading=\"lazy\" decoding=\"async\" class=\"alignnone wp-image-23771\" src=\"https:\/\/linitiative.ca\/wp-content\/uploads\/2017\/02\/le-chiffre-daffaires-300x157.jpg\" alt=\"\" width=\"94\" height=\"49\" \/> <strong><img loading=\"lazy\" decoding=\"async\" src=\"http:\/\/linitiative.ca\/media\/filetiny\/assets\/logos\/siiq.jpg\" alt=\"\" width=\"98\" height=\"56\" \/><\/strong>\u00a0 <a href=\"http:\/\/foireafricainedemontreal.com\/\"><img loading=\"lazy\" decoding=\"async\" src=\"http:\/\/linitiative.ca\/media\/filetiny\/assets\/logos\/logo-fam-2014.png\" alt=\"\" width=\"47\" height=\"43\" \/><\/a> <img loading=\"lazy\" decoding=\"async\" class=\"alignnone wp-image-23770\" src=\"https:\/\/linitiative.ca\/wp-content\/uploads\/2017\/02\/journ\u00e9ees-du-metissage-entrepreneurial-300x260.png\" alt=\"\" width=\"64\" height=\"55\" \/> <img loading=\"lazy\" decoding=\"async\" src=\"http:\/\/linitiative.ca\/media\/filetiny\/assets\/logos\/SJEI_Logo_RGB_Theme-modify4.jpg\" alt=\"\" width=\"114\" height=\"41\" \/> <img loading=\"lazy\" decoding=\"async\" class=\"alignnone wp-image-23571\" src=\"https:\/\/linitiative.ca\/wp-content\/uploads\/2017\/02\/siip.png\" alt=\"\" width=\"82\" height=\"50\" \/> <img loading=\"lazy\" decoding=\"async\" class=\"alignnone wp-image-23570\" src=\"https:\/\/linitiative.ca\/wp-content\/uploads\/2017\/02\/logo-SDCM-02-300x96.png\" alt=\"\" width=\"135\" height=\"43\" \/> <a href=\"http:\/\/ticarttoc.com\/\"><img loading=\"lazy\" decoding=\"async\" src=\"http:\/\/linitiative.ca\/media\/filetiny\/assets\/logos\/tictactoe.jpg\" alt=\"\" width=\"140\" height=\"47\" \/> <\/a> <img loading=\"lazy\" decoding=\"async\" src=\"http:\/\/linitiative.ca\/media\/filetiny\/assets\/logos\/logo_mondearabe1.jpg\" alt=\"\" width=\"50\" height=\"50\" \/> <img loading=\"lazy\" decoding=\"async\" src=\"http:\/\/linitiative.ca\/media\/filetiny\/assets\/logos\/logo_mcq_color-2-1.jpg\" alt=\"\" width=\"82\" height=\"57\" \/> <img loading=\"lazy\" decoding=\"async\" src=\"http:\/\/linitiative.ca\/media\/filetiny\/assets\/logos\/13907_1113683431990932_7114904577119232695_n.png\" alt=\"\" width=\"199\" height=\"48\" \/> <img loading=\"lazy\" decoding=\"async\" src=\"http:\/\/linitiative.ca\/media\/filetiny\/assets\/logos\/mini-papilles.jpg\" alt=\"\" width=\"49\" height=\"49\" \/> <a href=\"https:\/\/nouveaucinema.ca\/fr\/\"><img loading=\"lazy\" decoding=\"async\" src=\"http:\/\/linitiative.ca\/media\/filetiny\/assets\/logos\/fnc1.jpg\" alt=\"\" width=\"101\" height=\"41\" \/><\/a> <img loading=\"lazy\" decoding=\"async\" class=\"alignnone wp-image-22590\" src=\"https:\/\/linitiative.ca\/wp-content\/uploads\/2017\/02\/ridm-300x136.png\" alt=\"\" width=\"113\" height=\"51\" \/> <a href=\"https:\/\/nouveaucinema.ca\/fr\/\"><img loading=\"lazy\" decoding=\"async\" class=\"alignnone wp-image-74621\" src=\"https:\/\/linitiative.ca\/wp-content\/uploads\/2023\/09\/Logo-FNC-300x138.png\" alt=\"\" width=\"98\" height=\"45\" \/><\/a> <img loading=\"lazy\" decoding=\"async\" src=\"http:\/\/linitiative.ca\/media\/filetiny\/assets\/logos\/montreal_world_film_festival.jpg\" alt=\"\" width=\"53\" height=\"53\" \/> <img loading=\"lazy\" decoding=\"async\" src=\"http:\/\/linitiative.ca\/media\/filetiny\/assets\/logos\/mundial%20montreal.jpg\" alt=\"\" width=\"64\" height=\"64\" \/> <img loading=\"lazy\" decoding=\"async\" src=\"http:\/\/linitiative.ca\/media\/filetiny\/assets\/logos\/festival%20de%20musique%20du%20maghreb.png\" alt=\"\" width=\"123\" height=\"50\" \/>\u00a0 <a href=\"https:\/\/www.lesnuitsdecarthageamontreal.com\/\"><img loading=\"lazy\" decoding=\"async\" class=\"alignnone wp-image-76711\" src=\"https:\/\/linitiative.ca\/wp-content\/uploads\/2024\/03\/nuits-de-carthage-a-montreal.png\" alt=\"\" width=\"68\" height=\"68\" \/><\/a><a href=\"http:\/\/www.festivalnuitsdafrique.com\/serie\/les-syli-dor-de-la-musique-du-monde-12e-edition\"><img loading=\"lazy\" decoding=\"async\" class=\"alignnone wp-image-22593\" src=\"https:\/\/linitiative.ca\/wp-content\/uploads\/2017\/02\/syli17-logohorizontal-300x139.png\" alt=\"\" width=\"112\" height=\"52\" \/><\/a> <img loading=\"lazy\" decoding=\"async\" class=\"\" src=\"http:\/\/linitiative.ca\/media\/filetiny\/assets\/logos\/SAJE-MTL.jpg\" alt=\"\" width=\"93\" height=\"59\" \/> <img loading=\"lazy\" decoding=\"async\" class=\"\" src=\"http:\/\/linitiative.ca\/media\/filetiny\/assets\/logos\/ImpactumA-Noir-HR.jpg\" alt=\"\" width=\"80\" height=\"58\" \/> <img loading=\"lazy\" decoding=\"async\" class=\"alignnone wp-image-38508\" src=\"https:\/\/linitiative.ca\/wp-content\/uploads\/2019\/09\/Carnaval-des-couleurs_page-0001_resize-300x218.jpg\" alt=\"\" width=\"90\" height=\"65\" \/> <img loading=\"lazy\" decoding=\"async\" src=\"http:\/\/linitiative.ca\/media\/filetiny\/assets\/logos\/logo-PLM-MBD-final.jpg\" alt=\"\" width=\"192\" height=\"47\" \/> <a href=\"http:\/\/www.couscouscomedyshow.com\/\"><img loading=\"lazy\" decoding=\"async\" src=\"http:\/\/linitiative.ca\/media\/filetiny\/assets\/logos\/couscouscomedyshow.jpg\" alt=\"\" width=\"106\" height=\"49\" \/><\/a> <img loading=\"lazy\" decoding=\"async\" class=\"alignnone wp-image-23774\" src=\"https:\/\/linitiative.ca\/wp-content\/uploads\/2017\/02\/L-Jobboom.png\" alt=\"\" width=\"153\" height=\"61\" \/> <img loading=\"lazy\" decoding=\"async\" class=\"alignnone wp-image-30759\" src=\"https:\/\/linitiative.ca\/wp-content\/uploads\/2018\/08\/black-film-fest-montreal_resize.jpg\" alt=\"\" width=\"132\" height=\"44\" \/> <img loading=\"lazy\" decoding=\"async\" class=\"alignnone wp-image-31403\" src=\"https:\/\/linitiative.ca\/wp-content\/uploads\/2018\/09\/logopointarts_resize.jpg\" alt=\"\" width=\"58\" height=\"58\" \/><img decoding=\"async\" src=\"blob:https:\/\/linitiative.ca\/dc76b367-6d40-4b77-b5a9-5c5dd7c5b995\" alt=\"\" \/><\/p>\r\n<div id=\"linit-1167721634\" class=\"linit-apres-contenu linit-entity-placement\"><script async src=\"\/\/pagead2.googlesyndication.com\/pagead\/js\/adsbygoogle.js?client=ca-pub-8992136571741975\" crossorigin=\"anonymous\"><\/script><ins class=\"adsbygoogle\" style=\"display:block;\" data-ad-client=\"ca-pub-8992136571741975\" \ndata-ad-slot=\"1055921646\" \ndata-ad-format=\"auto\"><\/ins>\n<script> \n(adsbygoogle = window.adsbygoogle || []).push({}); \n<\/script>\n<\/div>","protected":false},"excerpt":{"rendered":"<p>Pour publier un communiqu\u00e9 de presse Pour diffuser des\u00a0communiqu\u00e9s de presse\u00a0utiliser l\u2019adresse :\u00a0communiques@linitiative.ca Pour contacter la r\u00e9daction \/ publier un article Pour\u00a0contacter la r\u00e9daction\u00a0utiliser l\u2019adresse :\u00a0redaction@linitiative.ca Nous joindre Pour annoncer de la publicit\u00e9, utiliser l&rsquo;adresse : pub@linitiative.ca\u00a0ou nous contacter par t\u00e9l\u00e9phone au : 514-360-6267 Dons Chaque dollar aide. L\u2019argent amass\u00e9 servira \u00e0 r\u00e9mun\u00e9rer correctement nos [&hellip;]<\/p>\n","protected":false},"author":1,"featured_media":0,"parent":0,"menu_order":0,"comment_status":"closed","ping_status":"closed","template":"","meta":{"footnotes":""},"class_list":["post-54","page","type-page","status-publish","hentry"],"_links":{"self":[{"href":"https:\/\/linitiative.ca\/english\/wp-json\/wp\/v2\/pages\/54","targetHints":{"allow":["GET"]}}],"collection":[{"href":"https:\/\/linitiative.ca\/english\/wp-json\/wp\/v2\/pages"}],"about":[{"href":"https:\/\/linitiative.ca\/english\/wp-json\/wp\/v2\/types\/page"}],"author":[{"embeddable":true,"href":"https:\/\/linitiative.ca\/english\/wp-json\/wp\/v2\/users\/1"}],"replies":[{"embeddable":true,"href":"https:\/\/linitiative.ca\/english\/wp-json\/wp\/v2\/comments?post=54"}],"version-history":[{"count":4,"href":"https:\/\/linitiative.ca\/english\/wp-json\/wp\/v2\/pages\/54\/revisions"}],"predecessor-version":[{"id":91,"href":"https:\/\/linitiative.ca\/english\/wp-json\/wp\/v2\/pages\/54\/revisions\/91"}],"wp:attachment":[{"href":"https:\/\/linitiative.ca\/english\/wp-json\/wp\/v2\/media?parent=54"}],"curies":[{"name":"wp","href":"https:\/\/api.w.org\/{rel}","templated":true}]}}